{"id":8,"date":"2014-03-22T16:11:01","date_gmt":"2014-03-22T14:11:01","guid":{"rendered":"http:\/\/www.gartenstadtgaerten.ch\/?page_id=8"},"modified":"2021-12-07T18:11:38","modified_gmt":"2021-12-07T18:11:38","slug":"gemeinschaftsgarten-bueel","status":"publish","type":"page","link":"https:\/\/gartenstadtgaerten.ch\/?page_id=8","title":{"rendered":"Permakulturgarten B\u00fcel"},"content":{"rendered":"<div title=\"Page 1\">\n<p>Der Gemeinschaftsgarten B\u00fcel ist der erste seiner Art in Winterthur. Der Verein Gartenstadtg\u00e4rten will mit diesem Projekt Platz f\u00fcr Bekanntschaften und Begegnungen zwischen Winterthurerinnen und Winterthurern erm\u00f6glichen, ihnen Zugang zu einem Gem\u00fcsegarten verschaffen, den Austausch von Gartenwissen f\u00f6rdern und eine Diskussion \u00fcber die regionale Lebensmittelversorgung anstossen. Der Gemeinschaftsgarten ist f\u00fcr alle Altersgruppen offen. Er ist eine kleine, stadtnahe Erholungsoase, in die man sich auch zum Buch lesen oder Sonne geniessen zur\u00fcckziehen kann.<\/p>\n<p><strong>\u00d6ffnungszeiten<\/strong><br \/>\nBei gutem Wetter treffen wir uns jeden Samstag, in der Regel ab ca. Mittag im Garten, um gemeinsam den Garten zu pflegen, zu plaudern, etwas zu trinken oder zu essen.<br \/>\nNach Absprache finden auch weitere Treffen statt und nach einer vorherigen Einf\u00fchrung kann auch spontan allein geg\u00e4rtnert werden.<\/p>\n<p><strong>Ort<br \/>\n<\/strong>Auf dem Heiligberg, bei der Stadtg\u00e4rtnerei. Genau: Hochwachtstrasse 23, 8400 Winterthur<\/p>\n<p>Der Gemeinschaftsgarten B\u00fcel wird von der&nbsp;<a href=\"http:\/\/www.stadtgaertnerei.winterthur.ch\/\">Stadtg\u00e4rtnerei Winterthur&nbsp;<\/a>unterst\u00fctzt.<\/p>\n<p><strong>Kontakt<\/strong><br \/>\nbuel(at)gartenstadtgaerten.ch<\/p>\n<\/div>\n","protected":false},"excerpt":{"rendered":"<p>Der Gemeinschaftsgarten B\u00fcel ist der erste seiner Art in Winterthur. Der Verein Gartenstadtg\u00e4rten will mit diesem Projekt Platz f\u00fcr Bekanntschaften und Begegnungen zwischen Winterthurerinnen und Winterthurern erm\u00f6glichen, ihnen Zugang zu einem Gem\u00fcsegarten verschaffen, den Austausch von Gartenwissen f\u00f6rdern und eine Diskussion \u00fcber die regionale Lebensmittelversorgung anstossen. Der Gemeinschaftsgarten ist f\u00fcr alle Altersgruppen offen. Er ist &hellip; <a href=\"https:\/\/gartenstadtgaerten.ch\/?page_id=8\" class=\"more-link\"><span class=\"screen-reader-text\">Permakulturgarten B\u00fcel<\/span> weiterlesen <span class=\"meta-nav\">&rarr;<\/span><\/a><\/p>\n","protected":false},"author":1,"featured_media":0,"parent":0,"menu_order":2,"comment_status":"closed","ping_status":"open","template":"","meta":{"footnotes":""},"class_list":["post-8","page","type-page","status-publish","hentry"],"_links":{"self":[{"href":"https:\/\/gartenstadtgaerten.ch\/index.php?rest_route=\/wp\/v2\/pages\/8","targetHints":{"allow":["GET"]}}],"collection":[{"href":"https:\/\/gartenstadtgaerten.ch\/index.php?rest_route=\/wp\/v2\/pages"}],"about":[{"href":"https:\/\/gartenstadtgaerten.ch\/index.php?rest_route=\/wp\/v2\/types\/page"}],"author":[{"embeddable":true,"href":"https:\/\/gartenstadtgaerten.ch\/index.php?rest_route=\/wp\/v2\/users\/1"}],"replies":[{"embeddable":true,"href":"https:\/\/gartenstadtgaerten.ch\/index.php?rest_route=%2Fwp%2Fv2%2Fcomments&post=8"}],"version-history":[{"count":5,"href":"https:\/\/gartenstadtgaerten.ch\/index.php?rest_route=\/wp\/v2\/pages\/8\/revisions"}],"predecessor-version":[{"id":571,"href":"https:\/\/gartenstadtgaerten.ch\/index.php?rest_route=\/wp\/v2\/pages\/8\/revisions\/571"}],"wp:attachment":[{"href":"https:\/\/gartenstadtgaerten.ch\/index.php?rest_route=%2Fwp%2Fv2%2Fmedia&parent=8"}],"curies":[{"name":"wp","href":"https:\/\/api.w.org\/{rel}","templated":true}]}}